{"id":1661,"date":"2019-10-09T17:21:56","date_gmt":"2019-10-09T16:21:56","guid":{"rendered":"http:\/\/www.thd.cotedor.fr\/?page_id=1661"},"modified":"2022-10-06T07:40:35","modified_gmt":"2022-10-06T06:40:35","slug":"partenaires","status":"publish","type":"page","link":"https:\/\/www.thd.cotedor.fr\/?page_id=1661","title":{"rendered":"Partenaires"},"content":{"rendered":"\n<h2 class=\"has-text-align-center wp-block-heading\"> <br><strong>Altitude Fibre 21<\/strong><\/h2>\n\n\n\n<div class=\"wp-block-image\"><figure class=\"aligncenter size-large is-resized\"><a href=\"https:\/\/www.altitudeinfra.fr\/\"><img loading=\"lazy\" decoding=\"async\" src=\"http:\/\/www.thd.cotedor.fr\/wp-content\/uploads\/2021\/04\/Logo_AI-1024x217.png\" alt=\"\" class=\"wp-image-2722\" width=\"256\" height=\"54\" srcset=\"https:\/\/www.thd.cotedor.fr\/wp-content\/uploads\/2021\/04\/Logo_AI-1024x217.png 1024w, https:\/\/www.thd.cotedor.fr\/wp-content\/uploads\/2021\/04\/Logo_AI-300x64.png 300w, https:\/\/www.thd.cotedor.fr\/wp-content\/uploads\/2021\/04\/Logo_AI-768x163.png 768w, https:\/\/www.thd.cotedor.fr\/wp-content\/uploads\/2021\/04\/Logo_AI-1536x325.png 1536w, https:\/\/www.thd.cotedor.fr\/wp-content\/uploads\/2021\/04\/Logo_AI-2048x434.png 2048w\" sizes=\"auto, (max-width: 256px) 100vw, 256px\" \/><\/a><\/figure><\/div>\n\n\n\n<p class=\"has-text-align-center has-black-color has-text-color\"><a rel=\"noreferrer noopener\" href=\"http:\/\/www.altitudeinfrastructure.fr\/\" target=\"_blank\">Site Internet du Groupe Altitude Infra<\/a> <\/p>\n\n\n\n<hr class=\"wp-block-separator\"\/>\n\n\n\n<h2 class=\"has-text-align-center wp-block-heading\"><strong>Orange<\/strong><\/h2>\n\n\n\n<div class=\"wp-block-image\"><figure class=\"aligncenter\"><a href=\"https:\/\/www.orange.com\/fr\/accueil\"><img loading=\"lazy\" decoding=\"async\" width=\"50\" height=\"50\" src=\"http:\/\/www.thd.cotedor.fr\/wp-content\/uploads\/2019\/11\/Logo-Orange-1.jpg\" alt=\"\" class=\"wp-image-1806\"\/><\/a><\/figure><\/div>\n\n\n\n<p class=\"has-text-align-center has-vivid-cyan-blue-color has-text-color\"><a rel=\"noreferrer noopener\" aria-label=\"Site institutionnel d'Orange (s\u2019ouvre dans un nouvel onglet)\" href=\"https:\/\/www.orange.com\/fr\/accueil\" target=\"_blank\">Site institutionnel d&rsquo;Orange<\/a><\/p>\n\n\n\n<hr class=\"wp-block-separator\"\/>\n\n\n\n<h2 class=\"has-text-align-center wp-block-heading\"><strong>SPL Bourgogne-Franche-Comt\u00e9 Num\u00e9rique<\/strong><\/h2>\n\n\n\n<div class=\"wp-block-image\"><figure class=\"aligncenter is-resized\"><a href=\"http:\/\/www.spl-bfcnumerique.fr\/\"><img loading=\"lazy\" decoding=\"async\" src=\"http:\/\/www.thd.cotedor.fr\/wp-content\/uploads\/2020\/03\/spl-1.jpg\" alt=\"\" class=\"wp-image-2062\" width=\"108\" height=\"65\" srcset=\"https:\/\/www.thd.cotedor.fr\/wp-content\/uploads\/2020\/03\/spl-1.jpg 432w, https:\/\/www.thd.cotedor.fr\/wp-content\/uploads\/2020\/03\/spl-1-300x181.jpg 300w\" sizes=\"auto, (max-width: 108px) 100vw, 108px\" \/><\/a><\/figure><\/div>\n\n\n\n<p class=\"has-text-align-center has-vivid-cyan-blue-color has-text-color\"><a href=\"http:\/\/www.spl-bfcnumerique.fr\/\" target=\"_blank\" rel=\"noreferrer noopener\" aria-label=\"Site Internet de la Soci\u00e9t\u00e9 Publique Locale Bourgogne-Franche-Comt\u00e9 Num\u00e9rique (s\u2019ouvre dans un nouvel onglet)\">Site Internet de la Soci\u00e9t\u00e9 Publique Locale Bourgogne-Franche-Comt\u00e9 Num\u00e9rique<\/a><\/p>\n\n\n\n<hr class=\"wp-block-separator\"\/>\n\n\n\n<h2 class=\"has-text-align-center wp-block-heading\"><strong>BFC Fibre<\/strong><\/h2>\n\n\n\n<div class=\"wp-block-image\"><figure class=\"aligncenter is-resized\"><a href=\"http:\/\/www.bfcfibre.fr\/\"><img loading=\"lazy\" decoding=\"async\" src=\"http:\/\/www.thd.cotedor.fr\/wp-content\/uploads\/2019\/10\/logo-bfc-fibre-e1570636091302.png\" alt=\"\" class=\"wp-image-1669\" width=\"150\" height=\"48\"\/><\/a><\/figure><\/div>\n\n\n\n<p class=\"has-text-align-center has-vivid-cyan-blue-color has-text-color\"><a rel=\"noreferrer noopener\" href=\"http:\/\/www.bfcfibre.fr\/\" target=\"_blank\">Site Internet BFC Fibre<\/a><\/p>\n\n\n\n<hr class=\"wp-block-separator\"\/>\n\n\n\n<h2 class=\"has-text-align-center wp-block-heading\"><strong>avec le soutien financier <\/strong><\/h2>\n\n\n\n<h4 class=\"has-text-align-center wp-block-heading\">du Fonds europ\u00e9en de d\u00e9veloppement r\u00e9gional (FEDER) <\/h4>\n\n\n\n<div class=\"wp-block-image\"><figure class=\"aligncenter\"><img loading=\"lazy\" decoding=\"async\" width=\"100\" height=\"99\" src=\"http:\/\/www.thd.cotedor.fr\/wp-content\/uploads\/2019\/10\/ue_feder-e1570635333505.jpg\" alt=\"\" class=\"wp-image-1673\"\/><\/figure><\/div>\n\n\n\n<hr class=\"wp-block-separator\"\/>\n\n\n\n<h2 class=\"has-text-align-center wp-block-heading\"><strong>de l&rsquo;Etat<\/strong><\/h2>\n\n\n\n<div class=\"wp-block-image\"><figure class=\"aligncenter is-resized\"><img loading=\"lazy\" decoding=\"async\" src=\"http:\/\/www.thd.cotedor.fr\/wp-content\/uploads\/2019\/11\/Etat.jpg\" alt=\"\" class=\"wp-image-1815\" width=\"100\" height=\"109\"\/><\/figure><\/div>\n\n\n\n<h2 class=\"has-text-align-center wp-block-heading\"><strong>via<\/strong><\/h2>\n\n\n\n<h4 class=\"has-text-align-center wp-block-heading\">Investir l&rsquo;Avenir<\/h4>\n\n\n\n<div class=\"wp-block-image\"><figure class=\"aligncenter\"><img loading=\"lazy\" decoding=\"async\" width=\"50\" height=\"50\" src=\"http:\/\/www.thd.cotedor.fr\/wp-content\/uploads\/2019\/11\/Logo-Investir-lAvenir.jpg\" alt=\"\" class=\"wp-image-1797\"\/><\/figure><\/div>\n\n\n\n<p class=\"has-text-align-center has-vivid-cyan-blue-color has-text-color\"><a rel=\"noreferrer noopener\" aria-label=\"Site Internet Investir l'Avenir (s\u2019ouvre dans un nouvel onglet)\" href=\"https:\/\/www.gouvernement.fr\/une-mission-investir-l-avenir\" target=\"_blank\">Site Internet Investir l&rsquo;Avenir<\/a><\/p>\n\n\n\n<hr class=\"wp-block-separator\"\/>\n\n\n\n<h4 class=\"has-text-align-center wp-block-heading\">Plan France Tr\u00e8s Haut D\u00e9bit<\/h4>\n\n\n\n<div class=\"wp-block-image\"><figure class=\"aligncenter\"><img loading=\"lazy\" decoding=\"async\" width=\"150\" height=\"58\" src=\"http:\/\/www.thd.cotedor.fr\/wp-content\/uploads\/2019\/11\/PlanFranceTHD.jpg\" alt=\"\" class=\"wp-image-1740\"\/><\/figure><\/div>\n\n\n\n<p class=\"has-text-align-center has-vivid-cyan-blue-color has-text-color\"><a rel=\"noreferrer noopener\" aria-label=\"Site Internet Plan France Tr\u00e8s Haut D\u00e9bit (s\u2019ouvre dans un nouvel onglet)\" href=\"https:\/\/www.gouvernement.fr\/action\/le-plan-france-tres-haut-debit\" target=\"_blank\">Site Internet Plan France Tr\u00e8s Haut D\u00e9bit<\/a><\/p>\n\n\n\n<hr class=\"wp-block-separator\"\/>\n\n\n\n<h2 class=\"has-text-align-center wp-block-heading\"><strong>et de la<\/strong><\/h2>\n\n\n\n<h4 class=\"has-text-align-center wp-block-heading\">R\u00e9gion Bourgogne Franche-Comt\u00e9<\/h4>\n\n\n\n<div class=\"wp-block-image\"><figure class=\"aligncenter\"><img loading=\"lazy\" decoding=\"async\" width=\"100\" height=\"75\" src=\"http:\/\/www.thd.cotedor.fr\/wp-content\/uploads\/2019\/10\/logo-rbfc-e1570635092688.png\" alt=\"\" class=\"wp-image-1672\"\/><\/figure><\/div>\n\n\n\n<p class=\"has-text-align-center has-vivid-cyan-blue-color has-text-color\"><a href=\"https:\/\/www.bourgognefranchecomte.fr\/\" target=\"_blank\" rel=\"noreferrer noopener\" aria-label=\"Site Internet de la R\u00e9gion Bourgogne Franche-Comt\u00e9 (s\u2019ouvre dans un nouvel onglet)\">Site Internet de la R\u00e9gion Bourgogne Franche-Comt\u00e9<\/a><\/p>\n","protected":false},"excerpt":{"rendered":"<p>Altitude Fibre 21 Site Internet du Groupe Altitude Infra Orange Site institutionnel d&rsquo;Orange SPL Bourgogne-Franche-Comt\u00e9 Num\u00e9rique Site Internet de la Soci\u00e9t\u00e9 Publique Locale Bourgogne-Franche-Comt\u00e9 Num\u00e9rique BFC Fibre Site Internet BFC [&hellip;]<\/p>\n","protected":false},"author":1,"featured_media":0,"parent":0,"menu_order":0,"comment_status":"closed","ping_status":"closed","template":"","meta":{"footnotes":""},"class_list":["post-1661","page","type-page","status-publish","hentry"],"_links":{"self":[{"href":"https:\/\/www.thd.cotedor.fr\/index.php?rest_route=\/wp\/v2\/pages\/1661","targetHints":{"allow":["GET"]}}],"collection":[{"href":"https:\/\/www.thd.cotedor.fr\/index.php?rest_route=\/wp\/v2\/pages"}],"about":[{"href":"https:\/\/www.thd.cotedor.fr\/index.php?rest_route=\/wp\/v2\/types\/page"}],"author":[{"embeddable":true,"href":"https:\/\/www.thd.cotedor.fr\/index.php?rest_route=\/wp\/v2\/users\/1"}],"replies":[{"embeddable":true,"href":"https:\/\/www.thd.cotedor.fr\/index.php?rest_route=%2Fwp%2Fv2%2Fcomments&post=1661"}],"version-history":[{"count":70,"href":"https:\/\/www.thd.cotedor.fr\/index.php?rest_route=\/wp\/v2\/pages\/1661\/revisions"}],"predecessor-version":[{"id":3580,"href":"https:\/\/www.thd.cotedor.fr\/index.php?rest_route=\/wp\/v2\/pages\/1661\/revisions\/3580"}],"wp:attachment":[{"href":"https:\/\/www.thd.cotedor.fr\/index.php?rest_route=%2Fwp%2Fv2%2Fmedia&parent=1661"}],"curies":[{"name":"wp","href":"https:\/\/api.w.org\/{rel}","templated":true}]}}